{"id":709,"date":"2016-06-08T14:24:32","date_gmt":"2016-06-08T14:24:32","guid":{"rendered":"https:\/\/www.ireviajes.es\/ca\/home\/"},"modified":"2020-01-07T20:49:17","modified_gmt":"2020-01-07T18:49:17","slug":"home","status":"publish","type":"page","link":"https:\/\/www.ireviajes.es\/ca\/","title":{"rendered":"Home"},"content":{"rendered":"<p>[vc_row el_class=&#8221;slide&#8221;][vc_column]\n\t\t\t<!-- START playa REVOLUTION SLIDER 6.2.23 --><p class=\"rs-p-wp-fix\"><\/p>\n\t\t\t<rs-module-wrap id=\"rev_slider_4_1_wrapper\" data-source=\"gallery\" style=\"background:transparent;padding:0;margin:0px auto;margin-top:0;margin-bottom:0;\">\n\t\t\t\t<rs-module id=\"rev_slider_4_1\" style=\"\" data-version=\"6.2.23\">\n\t\t\t\t\t<rs-slides>\n\t\t\t\t\t\t<rs-slide data-key=\"rs-6\" data-title=\"Slide\" data-anim=\"ei:d;eo:d;s:600;r:0;t:fade;sl:d;\">\n\t\t\t\t\t\t\t<img decoding=\"async\" src=\"\/\/www.ireviajes.es\/wp-content\/uploads\/2020\/01\/3.-West-Beach.jpg\" title=\"Home\" class=\"rev-slidebg\" data-no-retina>\n<!---->\t\t\t\t\t\t<\/rs-slide>\n\t\t\t\t\t<\/rs-slides>\n\t\t\t\t<\/rs-module>\n\t\t\t\t<script type=\"text\/javascript\">\n\t\t\t\t\tsetREVStartSize({c: 'rev_slider_4_1',rl:[1240,1024,778,480],el:[],gw:[1240],gh:[868],type:'standard',justify:'',layout:'fullwidth',mh:\"0\"});\n\t\t\t\t\tvar\trevapi4,\n\t\t\t\t\t\ttpj;\n\t\t\t\t\tfunction revinit_revslider41() {\n\t\t\t\t\tjQuery(function() {\n\t\t\t\t\t\ttpj = jQuery;\n\t\t\t\t\t\trevapi4 = tpj(\"#rev_slider_4_1\");\n\t\t\t\t\t\tif(revapi4==undefined || revapi4.revolution == undefined){\n\t\t\t\t\t\t\trevslider_showDoubleJqueryError(\"rev_slider_4_1\");\n\t\t\t\t\t\t}else{\n\t\t\t\t\t\t\trevapi4.revolution({\n\t\t\t\t\t\t\t\tsliderLayout:\"fullwidth\",\n\t\t\t\t\t\t\t\tvisibilityLevels:\"1240,1024,778,480\",\n\t\t\t\t\t\t\t\tgridwidth:1240,\n\t\t\t\t\t\t\t\tgridheight:868,\n\t\t\t\t\t\t\t\tspinner:\"spinner0\",\n\t\t\t\t\t\t\t\tperspectiveType:\"local\",\n\t\t\t\t\t\t\t\tresponsiveLevels:\"1240,1024,778,480\",\n\t\t\t\t\t\t\t\tprogressBar:{disableProgressBar:true},\n\t\t\t\t\t\t\t\tnavigation: {\n\t\t\t\t\t\t\t\t\tonHoverStop:false\n\t\t\t\t\t\t\t\t},\n\t\t\t\t\t\t\t\tfallbacks: {\n\t\t\t\t\t\t\t\t\tallowHTML5AutoPlayOnAndroid:true\n\t\t\t\t\t\t\t\t},\n\t\t\t\t\t\t\t});\n\t\t\t\t\t\t}\n\t\t\t\t\t\t\n\t\t\t\t\t});\n\t\t\t\t\t} \/\/ End of RevInitScript\n\t\t\t\tvar once_revslider41 = false;\n\t\t\t\tif (document.readyState === \"loading\") {document.addEventListener('readystatechange',function() { if((document.readyState === \"interactive\" || document.readyState === \"complete\") && !once_revslider41 ) { once_revslider41 = true; revinit_revslider41();}});} else {once_revslider41 = true; revinit_revslider41();}\n\t\t\t\t<\/script>\n\t\t\t<\/rs-module-wrap>\n\t\t\t<!-- END REVOLUTION SLIDER -->\n[vc_raw_html]JTNDZGl2JTIwY2xhc3MlM0QlMjJidG4tc2xpZGUlMjIlM0UlMEElMjAlMjAlM0NhJTIwY2xhc3MlM0QlMjJuZXh0LWJveCUyMiUyMGhyZWYlM0QlMjIlMjNudWVzdHJhJTIyJTIwdGl0bGUlM0QlMjIlMjIlM0UlM0NzcGFuJTNFUEVSJTIwVkVVUkUlMjdOJTIwTSVDMyU4OVMlMkMlM0MlMkZzcGFuJTNFJTIwREVTUExBQ0VVLVZPUyUyMENBUCUyMEFCQUlYJTNDJTJGYSUzRSUwQSUzQyUyRmRpdiUzRQ==[\/vc_raw_html][\/vc_column][\/vc_row][vc_row full_width=&#8221;stretch_row&#8221; css=&#8221;.vc_custom_1465475108665{background-color: #e5007d !important;}&#8221; el_class=&#8221;box-subtitle&#8221;][vc_column][vc_column_text]<\/p>\n<h1>\u00a0 \u00a0 \u00a0 \u00a0 \u00a0 \u00a0 <strong>Dissenyant viatges d&#8217;incentiu des de fa m\u00e9s de 30 anys.<\/strong><\/h1>\n<p>[\/vc_column_text][\/vc_column][\/vc_row][vc_row][vc_column][\/vc_column][\/vc_row][vc_row][vc_column width=&#8221;1\/2&#8243;][vc_single_image image=&#8221;485&#8243; img_size=&#8221;full&#8221; alignment=&#8221;center&#8221;][\/vc_column][vc_column width=&#8221;1\/2&#8243;][vc_column_text]Vam ser dels primers al nostre pa\u00eds a organitzar viatges d&#8217;incentiu. Hem crescut al teu costat, desenvolupant tot el nostre potencial i creativitat, aix\u00ed com un profund coneixement de les destinacions.<\/p>\n<p>Avui, despr\u00e9s de m\u00e9s de 30 anys realitzant el que m\u00e9s ens agrada, ens hem convertit en la teva ag\u00e8ncia de refer\u00e8ncia en l&#8217;elaboraci\u00f3 de viatges d&#8217;incentiu, convencions i tot tipus d&#8217;esdeveniments corporatius. Comptem, a m\u00e9s, amb un departament que s&#8217;encarrega exclusivament de l&#8217;organitzaci\u00f3 de congressos i d&#8217;un altre \u2013que podem anomenar-lo la <em>boutique <\/em>creativa del viatge\u2013 on s&#8217;organitzen viatges de vacances familiars exclusius i \u00fanics.[\/vc_column_text][vc_row_inner el_class=&#8221;list-icons&#8221;][vc_column_inner width=&#8221;1\/2&#8243;][vc_column_text]<img loading=\"lazy\" decoding=\"async\" width=\"59\" height=\"64\" class=\"size-full wp-image-47 alignleft\" src=\"https:\/\/www.ireviajes.es\/wp-content\/uploads\/2016\/06\/icon-1.png\" alt=\"icon-1\" \/>Tenim cura de tots els detalls[\/vc_column_text][\/vc_column_inner][vc_column_inner width=&#8221;1\/2&#8243;][vc_column_text]<img loading=\"lazy\" decoding=\"async\" width=\"59\" height=\"64\" class=\"size-full wp-image-50 alignleft\" src=\"https:\/\/www.ireviajes.es\/wp-content\/uploads\/2016\/06\/icon-2.png\" alt=\"icon-2\" \/><\/p>\n<p><span lang=\"CA\">Els millors especialistes al teu servei<\/span>[\/vc_column_text][\/vc_column_inner][\/vc_row_inner][vc_row_inner el_class=&#8221;list-icons&#8221;][vc_column_inner width=&#8221;1\/2&#8243;][vc_column_text]<img loading=\"lazy\" decoding=\"async\" width=\"59\" height=\"64\" class=\"size-full wp-image-52 alignleft\" src=\"https:\/\/www.ireviajes.es\/wp-content\/uploads\/2016\/06\/icon-3.png\" alt=\"icon-3\" \/>Atenci\u00f3 personalitzada[\/vc_column_text][\/vc_column_inner][vc_column_inner width=&#8221;1\/2&#8243;][vc_column_text]<img loading=\"lazy\" decoding=\"async\" width=\"59\" height=\"64\" class=\"size-full wp-image-54 alignleft\" src=\"https:\/\/www.ireviajes.es\/wp-content\/uploads\/2016\/06\/icon-4.png\" alt=\"icon-4\" \/>Clients que porten 25 anys confiant en nosaltres[\/vc_column_text][\/vc_column_inner][\/vc_row_inner][\/vc_column][\/vc_row]<\/p>\n","protected":false},"excerpt":{"rendered":"<p>[vc_row el_class=&#8221;slide&#8221;][vc_column][vc_raw_html]JTNDZGl2JTIwY2xhc3MlM0QlMjJidG4tc2xpZGUlMjIlM0UlMEElMjAlMjAlM0NhJTIwY2xhc3MlM0QlMjJuZXh0LWJveCUyMiUyMGhyZWYlM0QlMjIlMjNudWVzdHJhJTIyJTIwdGl0bGUlM0QlMjIlMjIlM0UlM0NzcGFuJTNFUEVSJTIwVkVVUkUlMjdOJTIwTSVDMyU4OVMlMkMlM0MlMkZzcGFuJTNFJTIwREVTUExBQ0VVLVZPUyUyMENBUCUyMEFCQUlYJTNDJTJGYSUzRSUwQSUzQyUyRmRpdiUzRQ==[\/vc_raw_html][\/vc_column][\/vc_row][vc_row full_width=&#8221;stretch_row&#8221; css=&#8221;.vc_custom_1465475108665{background-color: #e5007d !important;}&#8221; el_class=&#8221;box-subtitle&#8221;][vc_column][vc_column_text] \u00a0 \u00a0 \u00a0 \u00a0 \u00a0 \u00a0 Dissenyant viatges d&#8217;incentiu des de fa m\u00e9s de 30 anys. [\/vc_column_text][\/vc_column][\/vc_row][vc_row][vc_column][\/vc_column][\/vc_row][vc_row][vc_column width=&#8221;1\/2&#8243;][vc_single_image image=&#8221;485&#8243; img_size=&#8221;full&#8221; alignment=&#8221;center&#8221;][\/vc_column][vc_column width=&#8221;1\/2&#8243;][vc_column_text]Vam ser dels primers al nostre pa\u00eds a organitzar viatges d&#8217;incentiu. Hem crescut al teu costat, desenvolupant tot el nostre potencial i creativitat, aix\u00ed com un profund [&hellip;]<\/p>\n","protected":false},"author":1,"featured_media":0,"parent":0,"menu_order":0,"comment_status":"closed","ping_status":"open","template":"","meta":{"footnotes":""},"yoast_head":"<!-- This site is optimized with the Yoast SEO plugin v15.0 - https:\/\/yoast.com\/wordpress\/plugins\/seo\/ -->\n<meta name=\"robots\" content=\"index, follow, max-snippet:-1, max-image-preview:large, max-video-preview:-1\" \/>\n<link rel=\"canonical\" href=\"https:\/\/www.ireviajes.es\/\" \/>\n<meta property=\"og:locale\" content=\"ca_ES\" \/>\n<meta property=\"og:type\" content=\"article\" \/>\n<meta property=\"og:title\" content=\"Home - IreViajes\" \/>\n<meta property=\"og:description\" content=\"[vc_row el_class=&#8221;slide&#8221;][vc_column][vc_raw_html]JTNDZGl2JTIwY2xhc3MlM0QlMjJidG4tc2xpZGUlMjIlM0UlMEElMjAlMjAlM0NhJTIwY2xhc3MlM0QlMjJuZXh0LWJveCUyMiUyMGhyZWYlM0QlMjIlMjNudWVzdHJhJTIyJTIwdGl0bGUlM0QlMjIlMjIlM0UlM0NzcGFuJTNFUEVSJTIwVkVVUkUlMjdOJTIwTSVDMyU4OVMlMkMlM0MlMkZzcGFuJTNFJTIwREVTUExBQ0VVLVZPUyUyMENBUCUyMEFCQUlYJTNDJTJGYSUzRSUwQSUzQyUyRmRpdiUzRQ==[\/vc_raw_html][\/vc_column][\/vc_row][vc_row full_width=&#8221;stretch_row&#8221; css=&#8221;.vc_custom_1465475108665{background-color: #e5007d !important;}&#8221; el_class=&#8221;box-subtitle&#8221;][vc_column][vc_column_text] \u00a0 \u00a0 \u00a0 \u00a0 \u00a0 \u00a0 Dissenyant viatges d&#8217;incentiu des de fa m\u00e9s de 30 anys. [\/vc_column_text][\/vc_column][\/vc_row][vc_row][vc_column][\/vc_column][\/vc_row][vc_row][vc_column width=&#8221;1\/2&#8243;][vc_single_image image=&#8221;485&#8243; img_size=&#8221;full&#8221; alignment=&#8221;center&#8221;][\/vc_column][vc_column width=&#8221;1\/2&#8243;][vc_column_text]Vam ser dels primers al nostre pa\u00eds a organitzar viatges d&#8217;incentiu. Hem crescut al teu costat, desenvolupant tot el nostre potencial i creativitat, aix\u00ed com un profund [&hellip;]\" \/>\n<meta property=\"og:url\" content=\"https:\/\/www.ireviajes.es\/\" \/>\n<meta property=\"og:site_name\" content=\"IreViajes\" \/>\n<meta property=\"article:modified_time\" content=\"2020-01-07T18:49:17+00:00\" \/>\n<meta property=\"og:image\" content=\"https:\/\/www.ireviajes.es\/wp-content\/uploads\/2016\/06\/icon-1.png\" \/>\n<meta name=\"twitter:card\" content=\"summary\" \/>\n<script type=\"application\/ld+json\" class=\"yoast-schema-graph\">{\"@context\":\"https:\/\/schema.org\",\"@graph\":[{\"@type\":\"WebSite\",\"@id\":\"https:\/\/www.ireviajes.es\/ca\/#website\",\"url\":\"https:\/\/www.ireviajes.es\/ca\/\",\"name\":\"IreViajes\",\"description\":\"IreViajes\",\"potentialAction\":[{\"@type\":\"SearchAction\",\"target\":\"https:\/\/www.ireviajes.es\/ca\/?s={search_term_string}\",\"query-input\":\"required name=search_term_string\"}],\"inLanguage\":\"ca\"},{\"@type\":\"ImageObject\",\"@id\":\"https:\/\/www.ireviajes.es\/#primaryimage\",\"inLanguage\":\"ca\",\"url\":\"https:\/\/www.ireviajes.es\/wp-content\/uploads\/2016\/06\/icon-1.png\",\"width\":59,\"height\":64},{\"@type\":\"WebPage\",\"@id\":\"https:\/\/www.ireviajes.es\/#webpage\",\"url\":\"https:\/\/www.ireviajes.es\/\",\"name\":\"Home - IreViajes\",\"isPartOf\":{\"@id\":\"https:\/\/www.ireviajes.es\/ca\/#website\"},\"primaryImageOfPage\":{\"@id\":\"https:\/\/www.ireviajes.es\/#primaryimage\"},\"datePublished\":\"2016-06-08T14:24:32+00:00\",\"dateModified\":\"2020-01-07T18:49:17+00:00\",\"inLanguage\":\"ca\",\"potentialAction\":[{\"@type\":\"ReadAction\",\"target\":[\"https:\/\/www.ireviajes.es\/\"]}]}]}<\/script>\n<!-- \/ Yoast SEO plugin. -->","_links":{"self":[{"href":"https:\/\/www.ireviajes.es\/ca\/wp-json\/wp\/v2\/pages\/709"}],"collection":[{"href":"https:\/\/www.ireviajes.es\/ca\/wp-json\/wp\/v2\/pages"}],"about":[{"href":"https:\/\/www.ireviajes.es\/ca\/wp-json\/wp\/v2\/types\/page"}],"author":[{"embeddable":true,"href":"https:\/\/www.ireviajes.es\/ca\/wp-json\/wp\/v2\/users\/1"}],"replies":[{"embeddable":true,"href":"https:\/\/www.ireviajes.es\/ca\/wp-json\/wp\/v2\/comments?post=709"}],"version-history":[{"count":5,"href":"https:\/\/www.ireviajes.es\/ca\/wp-json\/wp\/v2\/pages\/709\/revisions"}],"predecessor-version":[{"id":945,"href":"https:\/\/www.ireviajes.es\/ca\/wp-json\/wp\/v2\/pages\/709\/revisions\/945"}],"wp:attachment":[{"href":"https:\/\/www.ireviajes.es\/ca\/wp-json\/wp\/v2\/media?parent=709"}],"curies":[{"name":"wp","href":"https:\/\/api.w.org\/{rel}","templated":true}]}}