{"id":692,"date":"2016-06-09T10:51:25","date_gmt":"2016-06-09T08:51:25","guid":{"rendered":"https:\/\/www.ireviajes.es\/ca\/agencia\/"},"modified":"2016-11-02T18:22:10","modified_gmt":"2016-11-02T16:22:10","slug":"agencia","status":"publish","type":"page","link":"https:\/\/www.ireviajes.es\/ca\/agencia\/","title":{"rendered":"Ag\u00e8ncia"},"content":{"rendered":"<p>[vc_row][vc_column width=&#8221;1\/2&#8243;][vc_row_inner][vc_column_inner][vc_single_image image=&#8221;491&#8243; img_size=&#8221;full&#8221; alignment=&#8221;center&#8221;][\/vc_column_inner][\/vc_row_inner][\/vc_column][vc_column width=&#8221;1\/2&#8243;][vc_row_inner][vc_column_inner][vc_column_text]<span lang=\"CA\">A IRE Viajes portem molts anys creant grans moments per a tu i els teus, ens hem convertit en una gran fam\u00edlia. Un gran equip de confian\u00e7a que treballa per seguir fent m\u00e9s grans les teves experi\u00e8ncies de viatges.<\/span><\/p>\n<p><span lang=\"CA\">Per la il\u00b7lusi\u00f3 i la passi\u00f3 que posem en cada nou projecte, per\u00f2 tamb\u00e9 per la nostra gran discreci\u00f3 i cura en els detalls, s\u00f3n moltes les empreses que confien en els nostres serveis. Nom\u00e9s descansem quan tenim la certesa que, durant anys, segueixen parlant de com ho passen de b\u00e9 amb els nostres viatges.<\/span>[\/vc_column_text][\/vc_column_inner][\/vc_row_inner][vc_row_inner][vc_column_inner width=&#8221;1\/2&#8243;][vc_column_text]<img loading=\"lazy\" decoding=\"async\" width=\"59\" height=\"64\" class=\"size-full wp-image-126 alignleft\" src=\"https:\/\/www.ireviajes.es\/wp-content\/uploads\/2016\/06\/icon-4-4.png\" alt=\"icon-4-4\" \/><\/p>\n<p><span lang=\"CA\">Els millors especialistes al teu servei<\/span>[\/vc_column_text][\/vc_column_inner][vc_column_inner width=&#8221;1\/2&#8243;][vc_column_text]<img loading=\"lazy\" decoding=\"async\" width=\"59\" height=\"64\" class=\"size-full wp-image-118 alignleft\" src=\"https:\/\/www.ireviajes.es\/wp-content\/uploads\/2016\/06\/icon-1-1.png\" alt=\"icon-1-1\" \/><\/p>\n<p><span lang=\"CA\">Tenim cura de tots els detalls<\/span>[\/vc_column_text][\/vc_column_inner][\/vc_row_inner][vc_row_inner][vc_column_inner width=&#8221;1\/2&#8243;][vc_column_text]<img loading=\"lazy\" decoding=\"async\" width=\"59\" height=\"64\" class=\"size-full wp-image-124 alignleft\" src=\"https:\/\/www.ireviajes.es\/wp-content\/uploads\/2016\/06\/icon-2-2.png\" alt=\"icon-2-2\" \/><\/p>\n<p><span lang=\"CA\">Clients que porten 25 anys confiant en nosaltres<\/span>[\/vc_column_text][\/vc_column_inner][vc_column_inner width=&#8221;1\/2&#8243;][vc_column_text]<img loading=\"lazy\" decoding=\"async\" width=\"59\" height=\"64\" class=\"size-full wp-image-125 alignleft\" src=\"https:\/\/www.ireviajes.es\/wp-content\/uploads\/2016\/06\/icon-3-3.png\" alt=\"icon-3-3\" \/><\/p>\n<p><span lang=\"CA\">Atenci\u00f3 personalitzada<\/span>[\/vc_column_text][\/vc_column_inner][\/vc_row_inner][\/vc_column][\/vc_row][vc_row full_width=&#8221;stretch_row&#8221; css=&#8221;.vc_custom_1465475108665{background-color: #e5007d !important;}&#8221; el_class=&#8221;box-subtitle&#8221;][vc_column][vc_column_text]<\/p>\n<h1><strong>\u00a0 \u00a0 Dissenyant viatges d&#8217;incentiu des de fa m\u00e9s de 30 anys.<\/strong><\/h1>\n<p>[\/vc_column_text][\/vc_column][\/vc_row][vc_row css=&#8221;.vc_custom_1465559761917{margin-top: 4% !important;}&#8221;][vc_column][vc_row_inner css=&#8221;.vc_custom_1465558962135{margin-bottom: 2% !important;}&#8221;][vc_column_inner width=&#8221;1\/2&#8243;][vc_column_text]<\/p>\n<h2>La nostra experi\u00e8ncia<\/h2>\n<p>Trenta anys d&#8217;ofici donen per a molt, i pot ser que el nostre secret sigui el gran entusiasme que posem en cadascun dels nostres projectes. Ja sigui un viatge per a 700 persones, organitzat per una gran empresa o un despla\u00e7ament particular.<\/p>\n<p>Durant aquest temps, hem adquirit l&#8217;experi\u00e8ncia necess\u00e0ria, formant-nos cont\u00ednuament per assolir els objectius del viatger m\u00e9s exigent, ja que considerem que \u00e9s la nostra responsabilitat. En definitiva, fer-ho tot f\u00e0cil, tenint cura del m\u00e9s m\u00ednim detall per garantir el millor record.<\/p>\n<p>I \u00e9s que per a nosaltres \u00e9s molt important sentir-te dir: <em>com m&#8217;agradaria repetir!<\/em>[\/vc_column_text][\/vc_column_inner][vc_column_inner width=&#8221;1\/2&#8243;][vc_empty_space height=&#8221;70px&#8221;][vc_single_image image=&#8221;532&#8243; img_size=&#8221;full&#8221; alignment=&#8221;center&#8221; css=&#8221;.vc_custom_1475156744953{margin-top: 10px !important;}&#8221;][\/vc_column_inner][\/vc_row_inner][\/vc_column][\/vc_row][vc_row][vc_column width=&#8221;1\/2&#8243;][vc_empty_space height=&#8221;70px&#8221;][vc_single_image image=&#8221;493&#8243; img_size=&#8221;full&#8221; alignment=&#8221;center&#8221; css=&#8221;.vc_custom_1474974358930{margin-top: 10px !important;}&#8221;][\/vc_column][vc_column width=&#8221;1\/2&#8243;][vc_column_text]<\/p>\n<h2><span lang=\"CA\">Equip Ir\u00e9 Viajes<\/span><\/h2>\n<p><span lang=\"CA\">L&#8217;entusiasme que posem en cada un dels projectes \u00e9s un aspecte que ens caracteritza i no volem perdre&#8217;l mai.<\/span><\/p>\n<p><span lang=\"CA\">Som 10 persones molt motivades i amb una gran especialitzaci\u00f3 en cada territori o sector. Que vols con\u00e8ixer l&#8217;\u00c0frica? La Mariana l&#8217;ha recorreguda de dalt a baix i, despr\u00e9s d&#8217;unes paraules amb ella, sabr\u00e0 exactament amb quin recorregut sorprendre&#8217;t i quins llocs et poden fascinar.<\/span><\/p>\n<p><span lang=\"CA\">Que prefereixes \u00c0sia? El Guillem t&#8217;aportar\u00e0 informaci\u00f3 de gran valor per submergir-te en l&#8217;apassionant m\u00f3n oriental.<\/span><\/p>\n<p><span lang=\"CA\">Que no saps on vols anar&#8230; Que si la Polin\u00e8sia o les Maldives&#8230; No te n&#8217;adonar\u00e0s i la Marta t&#8217;ho tindr\u00e0 tot arreglat.<\/span><\/p>\n<p><span lang=\"CA\">Si est\u00e0s buscant assessorament especialitzat per organitzar un viatge d&#8217;incentiu per a la teva empresa&#8230; No saps per on comen\u00e7ar o si disposes de suficient pressupost? L&#8217;Antonio \u00e9s \u00fanic per involucrar-se en la teva campanya. Explica-li qu\u00e8 vols i ell us proposar\u00e0 el viatge m\u00e9s adequat per a la vostra empresa. I juntament amb ell, el seu equip, l&#8217;Olga, la Marina i la Cristina, s&#8217;encarregaran de negociar-ho tot perqu\u00e8 el viatge sigui inoblidable!<\/span>[\/vc_column_text][\/vc_column][\/vc_row][vc_row][vc_column width=&#8221;1\/2&#8243;][vc_column_text]<\/p>\n<h2><span lang=\"CA\">Com ho fem?<\/span><\/h2>\n<p><span lang=\"CA\">Vine a con\u00e8ixer-nos!<\/span><\/p>\n<p><span lang=\"CA\">Et sorprendr\u00e0 descobrir com es materialitzen els teus desitjos despr\u00e9s d&#8217;una reuni\u00f3 amb l&#8217;equip o compartint un caf\u00e8 a la nostra agradable cuina. El m\u00e9s important \u00e9s que ens expliquis quin tipus de viatge t&#8217;agrada; si ets dels de caminar molt o dels que busca relax i tranquil\u00b7litat&#8230;<\/span><\/p>\n<p><span lang=\"CA\">Als nostres viatges no hi ha res preconcebut; nom\u00e9s que els heu de gaudir al m\u00e0xim!<\/span><\/p>\n<p><span lang=\"CA\">Comptem amb unes instal\u00b7lacions, preparades amb l&#8217;\u00faltima tecnologia, que posem al teu abast per presentar-te les propostes de viatge m\u00e9s especialitzades. A m\u00e9s, formem part de les associacions internacionals m\u00e9s importants per millorar i formar-nos cont\u00ednuament, mitjan\u00e7ant el MPI (Meeting Professionals International) i la SITE (The Society of Incentive &amp; Travel Executives). Assistim a algunes de les fires m\u00e9s prestigioses: Imex, Eibtm, Invoyage (Redefining Luxury Incentives, Meetings &amp; Events).<\/span><\/p>\n<p><span lang=\"CA\">Estem conven\u00e7uts que la discreci\u00f3 \u00e9s un altre dels nostres baluards, per aix\u00f2 no veur\u00e0s logotips de clients. No expliquem qui portem de viatge&#8230; Aix\u00f2 s\u00ed, si necessiteu refer\u00e8ncies nostres, estarem encantats d&#8217;oferir-vos el contacte d&#8217;alguns dels nostres prove\u00efdors perqu\u00e8 ells us expliquin.<\/span>[\/vc_column_text][\/vc_column][vc_column width=&#8221;1\/2&#8243;][vc_empty_space height=&#8221;100px&#8221;][vc_single_image image=&#8221;494&#8243; img_size=&#8221;full&#8221; alignment=&#8221;center&#8221; css=&#8221;.vc_custom_1474974403095{margin-top: 10px !important;}&#8221;][\/vc_column][\/vc_row][vc_row][vc_column width=&#8221;1\/2&#8243;][vc_empty_space height=&#8221;70px&#8221;][vc_single_image image=&#8221;495&#8243; img_size=&#8221;full&#8221; alignment=&#8221;center&#8221; css=&#8221;.vc_custom_1474974434053{margin-top: 10px !important;}&#8221;][\/vc_column][vc_column width=&#8221;1\/2&#8243;][vc_column_text]<\/p>\n<h2><span lang=\"CA\">Viatges amb \u00e0nima<\/span><\/h2>\n<p><span lang=\"CA\">Des del primer dia de la nostra empresa ho vam tenir clar, hav\u00edem de tornar al m\u00f3n una part del que ens proporcionava.<\/span><\/p>\n<p><span lang=\"CA\">Som part d&#8217;un tot i viatjar ens ofereix l&#8217;oportunitat de con\u00e8ixer i valorar la gran diversitat de realitats que ens envolten. Per aix\u00f2, all\u00e0 on anem ens impliquem en causes locals i projectes solidaris, per ajudar on veiem que podem aportar el nostre gra de sorra.<\/span><\/p>\n<p><span lang=\"CA\">Si vols con\u00e8ixer m\u00e9s a fons el nostre costat solidari, posa&#8217;t en contacte amb nosaltres i t&#8217;ho explicarem.<\/span>[\/vc_column_text][vc_row_inner][vc_column_inner width=&#8221;1\/2&#8243;][vc_column_text]<img loading=\"lazy\" decoding=\"async\" width=\"157\" height=\"100\" class=\"alignnone size-full wp-image-598 aligncenter\" src=\"https:\/\/www.ireviajes.es\/wp-content\/uploads\/2016\/06\/Empresa_Sin_Fronteras.png\" alt=\"empresa_sin_fronteras\" \/>[\/vc_column_text][\/vc_column_inner][vc_column_inner width=&#8221;1\/2&#8243;][vc_column_text]<img loading=\"lazy\" decoding=\"async\" width=\"180\" height=\"37\" class=\"size-full wp-image-547 aligncenter\" src=\"https:\/\/www.ireviajes.es\/wp-content\/uploads\/2016\/06\/logo-fundacion-vicente-ferrer.png\" alt=\"logo-fundacion-vicente-ferrer\" \/>[\/vc_column_text][\/vc_column_inner][\/vc_row_inner][\/vc_column][\/vc_row]<\/p>\n","protected":false},"excerpt":{"rendered":"<p>[vc_row][vc_column width=&#8221;1\/2&#8243;][vc_row_inner][vc_column_inner][vc_single_image image=&#8221;491&#8243; img_size=&#8221;full&#8221; alignment=&#8221;center&#8221;][\/vc_column_inner][\/vc_row_inner][\/vc_column][vc_column width=&#8221;1\/2&#8243;][vc_row_inner][vc_column_inner][vc_column_text]A IRE Viajes portem molts anys creant grans moments per a tu i els teus, ens hem convertit en una gran fam\u00edlia. Un gran equip de confian\u00e7a que treballa per seguir fent m\u00e9s grans les teves experi\u00e8ncies de viatges. Per la il\u00b7lusi\u00f3 i la passi\u00f3 que posem en cada nou [&hellip;]<\/p>\n","protected":false},"author":1,"featured_media":0,"parent":0,"menu_order":0,"comment_status":"closed","ping_status":"closed","template":"","meta":{"footnotes":""},"yoast_head":"<!-- This site is optimized with the Yoast SEO plugin v15.0 - https:\/\/yoast.com\/wordpress\/plugins\/seo\/ -->\n<meta name=\"robots\" content=\"index, follow, max-snippet:-1, max-image-preview:large, max-video-preview:-1\" \/>\n<link rel=\"canonical\" href=\"https:\/\/www.ireviajes.es\/agencia\/\" \/>\n<meta property=\"og:locale\" content=\"ca_ES\" \/>\n<meta property=\"og:type\" content=\"article\" \/>\n<meta property=\"og:title\" content=\"Ag\u00e8ncia - IreViajes\" \/>\n<meta property=\"og:description\" content=\"[vc_row][vc_column width=&#8221;1\/2&#8243;][vc_row_inner][vc_column_inner][vc_single_image image=&#8221;491&#8243; img_size=&#8221;full&#8221; alignment=&#8221;center&#8221;][\/vc_column_inner][\/vc_row_inner][\/vc_column][vc_column width=&#8221;1\/2&#8243;][vc_row_inner][vc_column_inner][vc_column_text]A IRE Viajes portem molts anys creant grans moments per a tu i els teus, ens hem convertit en una gran fam\u00edlia. Un gran equip de confian\u00e7a que treballa per seguir fent m\u00e9s grans les teves experi\u00e8ncies de viatges. Per la il\u00b7lusi\u00f3 i la passi\u00f3 que posem en cada nou [&hellip;]\" \/>\n<meta property=\"og:url\" content=\"https:\/\/www.ireviajes.es\/agencia\/\" \/>\n<meta property=\"og:site_name\" content=\"IreViajes\" \/>\n<meta property=\"article:modified_time\" content=\"2016-11-02T16:22:10+00:00\" \/>\n<meta property=\"og:image\" content=\"https:\/\/www.ireviajes.es\/wp-content\/uploads\/2016\/06\/icon-4-4.png\" \/>\n<meta name=\"twitter:card\" content=\"summary\" \/>\n<script type=\"application\/ld+json\" class=\"yoast-schema-graph\">{\"@context\":\"https:\/\/schema.org\",\"@graph\":[{\"@type\":\"WebSite\",\"@id\":\"https:\/\/www.ireviajes.es\/ca\/#website\",\"url\":\"https:\/\/www.ireviajes.es\/ca\/\",\"name\":\"IreViajes\",\"description\":\"IreViajes\",\"potentialAction\":[{\"@type\":\"SearchAction\",\"target\":\"https:\/\/www.ireviajes.es\/ca\/?s={search_term_string}\",\"query-input\":\"required name=search_term_string\"}],\"inLanguage\":\"ca\"},{\"@type\":\"ImageObject\",\"@id\":\"https:\/\/www.ireviajes.es\/agencia\/#primaryimage\",\"inLanguage\":\"ca\",\"url\":\"https:\/\/www.ireviajes.es\/wp-content\/uploads\/2016\/06\/icon-4-4.png\",\"width\":59,\"height\":64},{\"@type\":\"WebPage\",\"@id\":\"https:\/\/www.ireviajes.es\/agencia\/#webpage\",\"url\":\"https:\/\/www.ireviajes.es\/agencia\/\",\"name\":\"Ag\\u00e8ncia - IreViajes\",\"isPartOf\":{\"@id\":\"https:\/\/www.ireviajes.es\/ca\/#website\"},\"primaryImageOfPage\":{\"@id\":\"https:\/\/www.ireviajes.es\/agencia\/#primaryimage\"},\"datePublished\":\"2016-06-09T08:51:25+00:00\",\"dateModified\":\"2016-11-02T16:22:10+00:00\",\"inLanguage\":\"ca\",\"potentialAction\":[{\"@type\":\"ReadAction\",\"target\":[\"https:\/\/www.ireviajes.es\/agencia\/\"]}]}]}<\/script>\n<!-- \/ Yoast SEO plugin. -->","_links":{"self":[{"href":"https:\/\/www.ireviajes.es\/ca\/wp-json\/wp\/v2\/pages\/692"}],"collection":[{"href":"https:\/\/www.ireviajes.es\/ca\/wp-json\/wp\/v2\/pages"}],"about":[{"href":"https:\/\/www.ireviajes.es\/ca\/wp-json\/wp\/v2\/types\/page"}],"author":[{"embeddable":true,"href":"https:\/\/www.ireviajes.es\/ca\/wp-json\/wp\/v2\/users\/1"}],"replies":[{"embeddable":true,"href":"https:\/\/www.ireviajes.es\/ca\/wp-json\/wp\/v2\/comments?post=692"}],"version-history":[{"count":3,"href":"https:\/\/www.ireviajes.es\/ca\/wp-json\/wp\/v2\/pages\/692\/revisions"}],"predecessor-version":[{"id":712,"href":"https:\/\/www.ireviajes.es\/ca\/wp-json\/wp\/v2\/pages\/692\/revisions\/712"}],"wp:attachment":[{"href":"https:\/\/www.ireviajes.es\/ca\/wp-json\/wp\/v2\/media?parent=692"}],"curies":[{"name":"wp","href":"https:\/\/api.w.org\/{rel}","templated":true}]}}